{"id":21,"date":"2015-12-01T13:17:36","date_gmt":"2015-12-01T12:17:36","guid":{"rendered":"http:\/\/kf.3010.pl\/?page_id=21"},"modified":"2017-02-09T14:52:48","modified_gmt":"2017-02-09T13:52:48","slug":"transport","status":"publish","type":"page","link":"http:\/\/kf-logistic.com\/dk\/transport\/","title":{"rendered":"Transport"},"content":{"rendered":"<p><strong>Vi er specialister inden for k\u00f8rsel i de vanskelige bjergomr\u00e5der i\u00a0Norge.<\/strong> For at kunne klare de sv\u00e6re nordiske forhold, er alle vores biler udstyret med kvalitetsvinterd\u00e6k og snek\u00e6der. Som en erfaren virksomhed er vi ikke bange for at krydse polarcirkelen. Vi ved, at vores \u00f8vede chauff\u00f8rer altid vil s\u00f8rge for, at det os betroede l\u00e6s n\u00e5r frem til tiden, selv under de h\u00e5rdeste vejrforhold.<\/p>\n<p><strong>Vi tilpasser os markedets behov og fragter gods til alle steder, hvor der er behov for det.<\/strong> Vi k\u00f8rer f\u00f8rst og fremmest i Norge, Sverige, Danmark, Tyskland og Benelux-landene. Vi tilbyder hell\u00e6s (FTL), dell\u00e6s (PTL) og stykgodstransport, samt transport af ADR-gods. Vi har alle de n\u00f8dvendige certifikater og tilladelser til international k\u00f8rsel.<\/p>","protected":false},"excerpt":{"rendered":"<p>Vi er specialister inden for k\u00f8rsel i de vanskelige bjergomr\u00e5der i\u00a0Norge. For at kunne klare de sv\u00e6re nordiske forhold, er alle vores biler udstyret med kvalitetsvinterd\u00e6k og snek\u00e6der. Som en erfaren virksomhed er vi ikke bange for at krydse polarcirkelen. Vi ved, at vores \u00f8vede chauff\u00f8rer altid vil s\u00f8rge for, at det os betroede l\u00e6s &hellip; <a href=\"http:\/\/kf-logistic.com\/dk\/transport\/\" class=\"more-link\">Continue reading <span class=\"screen-reader-text\">Transport<\/span><\/a><\/p>\n","protected":false},"author":1,"featured_media":0,"parent":0,"menu_order":0,"comment_status":"closed","ping_status":"closed","template":"","meta":[],"acf":[],"_links":{"self":[{"href":"http:\/\/kf-logistic.com\/dk\/wp-json\/wp\/v2\/pages\/21"}],"collection":[{"href":"http:\/\/kf-logistic.com\/dk\/wp-json\/wp\/v2\/pages"}],"about":[{"href":"http:\/\/kf-logistic.com\/dk\/wp-json\/wp\/v2\/types\/page"}],"author":[{"embeddable":true,"href":"http:\/\/kf-logistic.com\/dk\/wp-json\/wp\/v2\/users\/1"}],"replies":[{"embeddable":true,"href":"http:\/\/kf-logistic.com\/dk\/wp-json\/wp\/v2\/comments?post=21"}],"version-history":[{"count":3,"href":"http:\/\/kf-logistic.com\/dk\/wp-json\/wp\/v2\/pages\/21\/revisions"}],"predecessor-version":[{"id":174,"href":"http:\/\/kf-logistic.com\/dk\/wp-json\/wp\/v2\/pages\/21\/revisions\/174"}],"wp:attachment":[{"href":"http:\/\/kf-logistic.com\/dk\/wp-json\/wp\/v2\/media?parent=21"}],"curies":[{"name":"wp","href":"https:\/\/api.w.org\/{rel}","templated":true}]}}